{"id":5046,"date":"2026-02-03T18:41:09","date_gmt":"2026-02-03T16:41:09","guid":{"rendered":"https:\/\/dexville.be\/case\/caravans-van-de-ven\/"},"modified":"2026-04-14T09:46:52","modified_gmt":"2026-04-14T07:46:52","slug":"caravans-van-de-ven","status":"publish","type":"case","link":"https:\/\/dexville.be\/fr\/case\/caravans-van-de-ven\/","title":{"rendered":"Caravans Van de Ven"},"content":{"rendered":"<section class=\"l-section wpb_row height_auto\"><div class=\"l-section-h i-cf\"><div class=\"g-cols vc_row via_flex valign_top type_default stacking_default\"><div class=\"vc_col-sm-12 wpb_column vc_column_container\"><div class=\"vc_column-inner\"><div class=\"wpb_wrapper\"><div class=\"w-separator size_large\"><\/div><nav class=\"g-breadcrumbs us_custom_126d7f05 has_text_color separator_icon align_none\" itemscope itemtype=\"http:\/\/schema.org\/BreadcrumbList\"><div class=\"g-breadcrumbs-item\" itemscope itemprop=\"itemListElement\" itemtype=\"http:\/\/schema.org\/ListItem\"><a itemprop=\"item\" href=\"https:\/\/dexville.be\/fr\/\"><span itemprop=\"name\">Accueil<\/span><\/a><meta itemprop=\"position\" content=\"1\"\/><\/div><div class=\"g-breadcrumbs-separator\"><i class=\"far fa-angle-right\"><\/i><\/div><div class=\"g-breadcrumbs-item\">Pages<\/div><\/nav><\/div><\/div><\/div><\/div><\/div><\/section><section class=\"l-section wpb_row pagetitle height_large\"><div class=\"l-section-h i-cf\"><div class=\"g-cols vc_row via_flex valign_middle type_default stacking_default\"><div class=\"vc_col-sm-12 vc_col-lg-12 vc_col-md-12 vc_col-xs-12 wpb_column vc_column_container\"><div class=\"vc_column-inner\"><div class=\"wpb_wrapper\"><div class=\"wpb_text_column\"><div class=\"wpb_wrapper\"><h1>Caravans Van de Ven<\/h1>\n<h2>R\u00eaver d\u2019une r\u00e9sidence secondaire : une transformation digitale pour Caravans Van de Ven<\/h2>\n<\/div><\/div><\/div><\/div><\/div><\/div><\/div><\/section><section class=\"l-section wpb_row us_custom_82dd35e5 casevidblock has_text_color height_auto width_full\"><div class=\"l-section-h i-cf\"><div class=\"g-cols vc_row via_flex valign_middle type_default stacking_default\"><div class=\"vc_col-sm-12 vc_col-lg-8 vc_col-md-9 wpb_column vc_column_container nomargin\"><div class=\"vc_column-inner\"><div class=\"wpb_wrapper\"><div class=\"w-video align_none ratio_21x9\"><div class=\"w-video-h\"><video  preload=\"metadata\" playsinline autoplay loop muted><source type=\"video\/mp4\" src=\"https:\/\/dexville.be\/wp-content\/uploads\/2026\/02\/VandeVen_Video_1920x1080_full_compr.mp4\" \/><\/video><\/div><\/div><\/div><\/div><\/div><div class=\"vc_col-sm-12 vc_col-lg-4 vc_col-md-3 wpb_column vc_column_container txtundereachother has_bg_color\"><div class=\"vc_column-inner us_custom_d6aae710\"><div class=\"wpb_wrapper\"><div class=\"wpb_text_column\"><div class=\"wpb_wrapper\"><h3><b>+ 1K<\/b><\/h3>\n<h4>T\u00e9l\u00e9chargements de brochure<\/h4>\n<\/div><\/div><div class=\"w-separator size_small\"><\/div><div class=\"wpb_text_column\"><div class=\"wpb_wrapper\"><h3><strong>+ 28<\/strong><\/h3>\n<h4>Positions gagn\u00e9es sur Google<\/h4>\n<\/div><\/div><div class=\"w-separator size_small\"><\/div><div class=\"wpb_text_column\"><div class=\"wpb_wrapper\"><h3><strong>Meilleurs leads<\/strong><\/h3>\n<h4>Leads avec un int\u00e9r\u00eat clair pour les mobil-homes<\/h4>\n<\/div><\/div><\/div><\/div><\/div><\/div><\/div><\/section><section class=\"l-section wpb_row height_medium\"><div class=\"l-section-h i-cf\"><div class=\"g-cols vc_row via_flex valign_top type_boxes stacking_default\"><div class=\"vc_col-sm-12 wpb_column vc_column_container\"><div class=\"vc_column-inner us_custom_06c796b3\"><div class=\"wpb_wrapper\"><div class=\"wpb_text_column\"><div class=\"wpb_wrapper\"><h3>Caravans Van de Ven est une entreprise familiale sp\u00e9cialis\u00e9e dans les mobil-homes pour s\u00e9jours fixes et r\u00e9sidences de loisirs. Depuis des ann\u00e9es, elle accompagne ses clients dans le choix de leur r\u00e9sidence secondaire id\u00e9ale, avec un accent fort sur le service, la confiance et le sur-mesure.<\/h3>\n<\/div><\/div><\/div><\/div><\/div><\/div><\/div><\/section><section class=\"l-section wpb_row height_auto\"><div class=\"l-section-h i-cf\"><div class=\"g-cols vc_row via_flex valign_top type_boxes stacking_default\"><div class=\"vc_col-sm-8 wpb_column vc_column_container\"><div class=\"vc_column-inner\"><div class=\"wpb_wrapper\"><div class=\"wpb_text_column us_custom_91f318b0 has_text_color\"><div class=\"wpb_wrapper\"><h4>Leur pr\u00e9sence en ligne devait enfin refl\u00e9ter la m\u00eame s\u00e9r\u00e9nit\u00e9, qualit\u00e9 et chaleur que leur offre. L\u2019objectif \u00e9tait clair : un site web et une strat\u00e9gie digitale qui inspirent, informent et g\u00e9n\u00e8rent des leads qualifi\u00e9s.<\/h4>\n<\/div><\/div><\/div><\/div><\/div><\/div><\/div><\/section><section class=\"l-section wpb_row height_small\"><div class=\"l-section-h i-cf\"><div class=\"g-cols vc_row via_flex valign_top type_default stacking_default\"><div class=\"vc_col-sm-12 wpb_column vc_column_container\"><div class=\"vc_column-inner\"><div class=\"wpb_wrapper\"><div class=\"w-image has_ratio align_center\"><div class=\"w-image-h\"><div style=\"padding-bottom:43.75%\"><\/div><img decoding=\"async\" width=\"1638\" height=\"700\" src=\"https:\/\/dexville.be\/wp-content\/uploads\/2026\/01\/DexVille-Cases-Vandeven-6.jpg\" class=\"attachment-full size-full\" alt=\"Dexville Case Vandeven Caravans Nieuwe website wordpress webshop\" loading=\"lazy\" title=\"\"><\/div><\/div><\/div><\/div><\/div><\/div><\/div><\/section><section class=\"l-section wpb_row height_small\"><div class=\"l-section-h i-cf\"><div class=\"g-cols vc_row via_flex valign_top type_default stacking_default\"><div class=\"vc_col-sm-3 wpb_column vc_column_container\"><div class=\"vc_column-inner\"><div class=\"wpb_wrapper\"><\/div><\/div><\/div><div class=\"vc_col-sm-6 wpb_column vc_column_container\"><div class=\"vc_column-inner\"><div class=\"wpb_wrapper\"><div class=\"wpb_text_column\"><div class=\"wpb_wrapper\"><h4>Renouveau digital ax\u00e9 sur l\u2019exp\u00e9rience et le service<\/h4>\n<p>DexVille a con\u00e7u une strat\u00e9gie globale o\u00f9 l\u2019ergonomie, l\u2019exp\u00e9rience visuelle et la performance sont au c\u0153ur.<\/p>\n<p><strong>Migration de Wix vers WordPress<\/strong><\/p>\n<p>Le site a \u00e9t\u00e9 enti\u00e8rement reconstruit sous WordPress, avec un design frais et \u00e9pur\u00e9 qui souligne le caract\u00e8re familial de l\u2019entreprise. Gr\u00e2ce \u00e0 un CMS intuitif, Caravans Van de Ven peut d\u00e9sormais g\u00e9rer et adapter son contenu en toute autonomie.<\/p>\n<p><strong>Catalogue intuitif de mobil-homes<\/strong><\/p>\n<p>Un catalogue clair pr\u00e9sente l\u2019offre actuelle, avec des filtres simples par type, agencement et budget. Chaque mobil-home dispose d\u2019une page d\u00e9di\u00e9e avec des informations d\u00e9taill\u00e9es, des visuels percutants et des call-to-actions explicites.<\/p>\n<\/div><\/div><\/div><\/div><\/div><div class=\"vc_col-sm-3 wpb_column vc_column_container\"><div class=\"vc_column-inner\"><div class=\"wpb_wrapper\"><\/div><\/div><\/div><\/div><\/div><\/section><section class=\"l-section wpb_row height_medium\"><div class=\"l-section-h i-cf\"><div class=\"g-cols vc_row via_flex valign_top type_default stacking_default\"><div class=\"vc_col-sm-3 wpb_column vc_column_container\"><div class=\"vc_column-inner\"><div class=\"wpb_wrapper\"><\/div><\/div><\/div><div class=\"vc_col-sm-6 wpb_column vc_column_container\"><div class=\"vc_column-inner\"><div class=\"wpb_wrapper\"><div class=\"wpb_text_column\"><div class=\"wpb_wrapper\"><h3>Ajouter de nouveaux mod\u00e8les, modifier les informations ou \u00e9largir l\u2019offre peut d\u00e9sormais se faire rapidement et sans aucune barri\u00e8re technique.<\/h3>\n<\/div><\/div><\/div><\/div><\/div><div class=\"vc_col-sm-3 wpb_column vc_column_container\"><div class=\"vc_column-inner\"><div class=\"wpb_wrapper\"><\/div><\/div><\/div><\/div><\/div><\/section><section class=\"l-section wpb_row height_small\"><div class=\"l-section-h i-cf\"><div class=\"g-cols vc_row via_flex valign_top type_default stacking_default\"><div class=\"vc_col-sm-3 wpb_column vc_column_container\"><div class=\"vc_column-inner\"><div class=\"wpb_wrapper\"><\/div><\/div><\/div><div class=\"vc_col-sm-6 wpb_column vc_column_container\"><div class=\"vc_column-inner\"><div class=\"wpb_wrapper\"><div class=\"wpb_text_column\"><div class=\"wpb_wrapper\"><p><strong>La brochure comme aimant \u00e0 leads<\/strong><\/p>\n<p>La brochure t\u00e9l\u00e9chargeable a \u00e9t\u00e9 pens\u00e9e comme un outil strat\u00e9gique pour g\u00e9n\u00e9rer des leads. Les visiteurs obtiennent des informations pr\u00e9cises sur les mod\u00e8les et options, tandis que Caravans Van de Ven collecte des contacts qualifi\u00e9s avec un int\u00e9r\u00eat concret.<\/p>\n<\/div><\/div><\/div><\/div><\/div><div class=\"vc_col-sm-3 wpb_column vc_column_container\"><div class=\"vc_column-inner\"><div class=\"wpb_wrapper\"><\/div><\/div><\/div><\/div><\/div><\/section><section class=\"l-section wpb_row height_auto\"><div class=\"l-section-h i-cf\"><div class=\"g-cols vc_row via_flex valign_top type_boxes stacking_default\"><div class=\"vc_col-sm-1 wpb_column vc_column_container\"><div class=\"vc_column-inner\"><div class=\"wpb_wrapper\"><\/div><\/div><\/div><div class=\"vc_col-sm-10 wpb_column vc_column_container\"><div class=\"vc_column-inner\"><div class=\"wpb_wrapper\"><div class=\"w-video align_center ratio_16x9 with_overlay\" style=\"background-image:url(https:\/\/dexville.be\/wp-content\/uploads\/2026\/01\/DexVille-Cases-Vandeven-7.jpg);\" onclick=\"return {&quot;player_html&quot;:&quot;&lt;video  preload=\\&quot;none\\&quot; playsinline controls&gt;&lt;source type=\\&quot;video\\\/mp4\\&quot; src=\\&quot;https:\\\/\\\/dexville.be\\\/wp-content\\\/uploads\\\/2026\\\/01\\\/Dexville-Vandeven-Mockup-video_comr.mp4\\&quot; \\\/&gt;&lt;\\\/video&gt;&quot;}\"><button class=\"w-video-play\" type=\"button\" aria-label=\"Lecture\"><span class=\"w-video-play-icon\" style=\"font-size:1.5rem;background:rgba(0,0,0,0.5);color:#ffffff\"><\/span><\/button><div class=\"w-video-h\"><video  preload=\"none\" playsinline controls><source type=\"video\/mp4\" src=\"https:\/\/dexville.be\/wp-content\/uploads\/2026\/01\/Dexville-Vandeven-Mockup-video_comr.mp4\" \/><\/video><\/div><\/div><\/div><\/div><\/div><div class=\"vc_col-sm-1 wpb_column vc_column_container\"><div class=\"vc_column-inner\"><div class=\"wpb_wrapper\"><\/div><\/div><\/div><\/div><\/div><\/section><section class=\"l-section wpb_row casepercentagetxt height_medium\"><div class=\"l-section-h i-cf\"><div class=\"g-cols vc_row via_flex valign_bottom type_default stacking_default\" style=\"--additional-gap:20px;\"><div class=\"vc_col-sm-6 vc_col-lg-4 vc_col-md-4 wpb_column vc_column_container\"><div class=\"vc_column-inner\"><div class=\"wpb_wrapper\"><div class=\"wpb_text_column\"><div class=\"wpb_wrapper\"><h3><strong>+ 1K<\/strong><\/h3>\n<h4>T\u00e9l\u00e9chargements de brochures<\/h4>\n<h4>Moteur essentiel pour attirer des leads de qualit\u00e9.<\/h4>\n<\/div><\/div><\/div><\/div><\/div><div class=\"vc_col-sm-6 vc_col-lg-4 vc_col-md-4 wpb_column vc_column_container\"><div class=\"vc_column-inner\"><div class=\"wpb_wrapper\"><div class=\"wpb_text_column\"><div class=\"wpb_wrapper\"><h3><strong>+ 28<\/strong><\/h3>\n<h4>Positions gagn\u00e9es sur Google<\/h4>\n<h4>Ce qui entra\u00eene une meilleure visibilit\u00e9 et une croissance claire du trafic organique.<\/h4>\n<\/div><\/div><\/div><\/div><\/div><div class=\"vc_col-sm-6 vc_col-lg-4 vc_col-md-4 wpb_column vc_column_container\"><div class=\"vc_column-inner\"><div class=\"wpb_wrapper\"><div class=\"wpb_text_column\"><div class=\"wpb_wrapper\"><h3><strong>Meilleurs leads<\/strong><\/h3>\n<h4>Cibler avec plus de r\u00e9sultats<\/h4>\n<h4>Forte augmentation du nombre de leads qualitatifs montrant un int\u00e9r\u00eat clair pour les mobil-homes.<\/h4>\n<\/div><\/div><\/div><\/div><\/div><\/div><\/div><\/section><section class=\"l-section wpb_row height_small\"><div class=\"l-section-h i-cf\"><div class=\"g-cols vc_row via_flex valign_top type_default stacking_default\"><div class=\"vc_col-sm-3 wpb_column vc_column_container\"><div class=\"vc_column-inner\"><div class=\"wpb_wrapper\"><\/div><\/div><\/div><div class=\"vc_col-sm-6 wpb_column vc_column_container\"><div class=\"vc_column-inner\"><div class=\"wpb_wrapper\"><div class=\"wpb_text_column\"><div class=\"wpb_wrapper\"><h4>Des visuels authentiques qui inspirent confiance<\/h4>\n<p><strong>Shooting photo et vid\u00e9o sur site<\/strong><\/p>\n<p>Pas de banques d\u2019images ni de visuels g\u00e9n\u00e9riques : uniquement des photos authentiques de l\u2019entreprise, de l\u2019\u00e9quipe et des mobil-homes. Ces contenus renforcent la confiance et sont utilis\u00e9s sur le site et les r\u00e9seaux sociaux.<br \/>\nDe vraies images font la diff\u00e9rence dans une d\u00e9cision d\u2019achat importante.<\/p>\n<\/div><\/div><\/div><\/div><\/div><div class=\"vc_col-sm-3 wpb_column vc_column_container\"><div class=\"vc_column-inner\"><div class=\"wpb_wrapper\"><\/div><\/div><\/div><\/div><\/div><\/section><section class=\"l-section wpb_row height_medium\"><div class=\"l-section-h i-cf\"><div class=\"g-cols vc_row via_flex valign_top type_default stacking_default\"><div class=\"vc_col-sm-3 wpb_column vc_column_container\"><div class=\"vc_column-inner\"><div class=\"wpb_wrapper\"><\/div><\/div><\/div><div class=\"vc_col-sm-6 wpb_column vc_column_container\"><div class=\"vc_column-inner\"><div class=\"wpb_wrapper\"><div class=\"wpb_text_column\"><div class=\"wpb_wrapper\"><h3>Des images authentiques permettent aux visiteurs de vraiment ressentir l\u2019univers et l\u2019esprit de Caravans Van de Ven.<\/h3>\n<\/div><\/div><\/div><\/div><\/div><div class=\"vc_col-sm-3 wpb_column vc_column_container\"><div class=\"vc_column-inner\"><div class=\"wpb_wrapper\"><\/div><\/div><\/div><\/div><\/div><\/section><section class=\"l-section wpb_row height_auto\"><div class=\"l-section-h i-cf\"><div class=\"g-cols vc_row via_flex valign_top type_boxes stacking_default\"><div class=\"vc_col-sm-1 wpb_column vc_column_container\"><div class=\"vc_column-inner\"><div class=\"wpb_wrapper\"><\/div><\/div><\/div><div class=\"vc_col-sm-10 wpb_column vc_column_container\"><div class=\"vc_column-inner\"><div class=\"wpb_wrapper\"><div class=\"w-grid us_carousel noblackdots type_carousel layout_gallery_default preload_style_spinner\" id=\"us_grid_1\"><style>.layout_gallery_default .w-grid-item-h{}<\/style><div class=\"w-grid-list owl-carousel valign_stretch dotstyle_circle navstyle_circle arrows-ver-pos_middle arrows-hor-pos_on_sides_outside arrows-disabled_hide owl-responsive-2000 with_dots\" style=\"--transition-duration:350ms;\">\t<article class=\"w-grid-item post-5047 attachment type-attachment status-inherit hentry\" data-id=\"5047\">\r\n\t\t<div class=\"w-grid-item-h\">\r\n\t\t\t\t\t\t<div class=\"w-post-elm post_image usg_post_image_1 stretched\"><img loading=\"lazy\" decoding=\"async\" width=\"1024\" height=\"576\" src=\"https:\/\/dexville.be\/wp-content\/uploads\/2026\/01\/DexVille-Cases-Vandeven-1-1024x576.jpg\" class=\"attachment-large size-large\" alt=\"Dexville Case Vandeven Caravans Photoshoot\" srcset=\"https:\/\/dexville.be\/wp-content\/uploads\/2026\/01\/DexVille-Cases-Vandeven-1-1024x576.jpg 1024w, https:\/\/dexville.be\/wp-content\/uploads\/2026\/01\/DexVille-Cases-Vandeven-1-300x169.jpg 300w, https:\/\/dexville.be\/wp-content\/uploads\/2026\/01\/DexVille-Cases-Vandeven-1.jpg 1244w\" sizes=\"auto, (max-width: 1024px) 100vw, 1024px\" title=\"\"><\/div>\t\t<\/div>\r\n\t\t\t<\/article>\r\n\t<article class=\"w-grid-item post-5048 attachment type-attachment status-inherit hentry\" data-id=\"5048\">\r\n\t\t<div class=\"w-grid-item-h\">\r\n\t\t\t\t\t\t<div class=\"w-post-elm post_image usg_post_image_1 stretched\"><img loading=\"lazy\" decoding=\"async\" width=\"1024\" height=\"576\" src=\"https:\/\/dexville.be\/wp-content\/uploads\/2026\/01\/DexVille-Cases-Vandeven-2-1024x576.jpg\" class=\"attachment-large size-large\" alt=\"Dexville Case Vandeven Caravans Photoshoot\" srcset=\"https:\/\/dexville.be\/wp-content\/uploads\/2026\/01\/DexVille-Cases-Vandeven-2-1024x576.jpg 1024w, https:\/\/dexville.be\/wp-content\/uploads\/2026\/01\/DexVille-Cases-Vandeven-2-300x169.jpg 300w, https:\/\/dexville.be\/wp-content\/uploads\/2026\/01\/DexVille-Cases-Vandeven-2.jpg 1244w\" sizes=\"auto, (max-width: 1024px) 100vw, 1024px\" title=\"\"><\/div>\t\t<\/div>\r\n\t\t\t<\/article>\r\n\t<article class=\"w-grid-item post-5049 attachment type-attachment status-inherit hentry\" data-id=\"5049\">\r\n\t\t<div class=\"w-grid-item-h\">\r\n\t\t\t\t\t\t<div class=\"w-post-elm post_image usg_post_image_1 stretched\"><img loading=\"lazy\" decoding=\"async\" width=\"1024\" height=\"576\" src=\"https:\/\/dexville.be\/wp-content\/uploads\/2026\/01\/DexVille-Cases-Vandeven-3-1024x576.jpg\" class=\"attachment-large size-large\" alt=\"Dexville Case Vandeven Caravans Photoshoot\" srcset=\"https:\/\/dexville.be\/wp-content\/uploads\/2026\/01\/DexVille-Cases-Vandeven-3-1024x576.jpg 1024w, https:\/\/dexville.be\/wp-content\/uploads\/2026\/01\/DexVille-Cases-Vandeven-3-300x169.jpg 300w, https:\/\/dexville.be\/wp-content\/uploads\/2026\/01\/DexVille-Cases-Vandeven-3.jpg 1244w\" sizes=\"auto, (max-width: 1024px) 100vw, 1024px\" title=\"\"><\/div>\t\t<\/div>\r\n\t\t\t<\/article>\r\n\t<article class=\"w-grid-item post-5050 attachment type-attachment status-inherit hentry\" data-id=\"5050\">\r\n\t\t<div class=\"w-grid-item-h\">\r\n\t\t\t\t\t\t<div class=\"w-post-elm post_image usg_post_image_1 stretched\"><img loading=\"lazy\" decoding=\"async\" width=\"1024\" height=\"576\" src=\"https:\/\/dexville.be\/wp-content\/uploads\/2026\/01\/DexVille-Cases-Vandeven-4-1024x576.jpg\" class=\"attachment-large size-large\" alt=\"Dexville Case Vandeven Caravans Photoshoot\" srcset=\"https:\/\/dexville.be\/wp-content\/uploads\/2026\/01\/DexVille-Cases-Vandeven-4-1024x576.jpg 1024w, https:\/\/dexville.be\/wp-content\/uploads\/2026\/01\/DexVille-Cases-Vandeven-4-300x169.jpg 300w, https:\/\/dexville.be\/wp-content\/uploads\/2026\/01\/DexVille-Cases-Vandeven-4.jpg 1244w\" sizes=\"auto, (max-width: 1024px) 100vw, 1024px\" title=\"\"><\/div>\t\t<\/div>\r\n\t\t\t<\/article>\r\n\t<article class=\"w-grid-item post-5051 attachment type-attachment status-inherit hentry\" data-id=\"5051\">\r\n\t\t<div class=\"w-grid-item-h\">\r\n\t\t\t\t\t\t<div class=\"w-post-elm post_image usg_post_image_1 stretched\"><img loading=\"lazy\" decoding=\"async\" width=\"1024\" height=\"576\" src=\"https:\/\/dexville.be\/wp-content\/uploads\/2026\/01\/DexVille-Cases-Vandeven-5-1024x576.jpg\" class=\"attachment-large size-large\" alt=\"Dexville Case Vandeven Caravans Photoshoot Over ons\" srcset=\"https:\/\/dexville.be\/wp-content\/uploads\/2026\/01\/DexVille-Cases-Vandeven-5-1024x576.jpg 1024w, https:\/\/dexville.be\/wp-content\/uploads\/2026\/01\/DexVille-Cases-Vandeven-5-300x169.jpg 300w, https:\/\/dexville.be\/wp-content\/uploads\/2026\/01\/DexVille-Cases-Vandeven-5.jpg 1244w\" sizes=\"auto, (max-width: 1024px) 100vw, 1024px\" title=\"\"><\/div>\t\t<\/div>\r\n\t\t\t<\/article>\r\n<\/div><div class=\"w-grid-carousel-json hidden\" onclick='return {&quot;carousel_settings&quot;:{&quot;aria_labels&quot;:{&quot;prev&quot;:&quot;Pr\\u00e9c\\u00e9dent&quot;,&quot;next&quot;:&quot;Suivant&quot;},&quot;autoplayContinual&quot;:false,&quot;autoplayHoverPause&quot;:false,&quot;autoplayTimeout&quot;:3000,&quot;autoWidth&quot;:false,&quot;smartSpeed&quot;:350,&quot;margin&quot;:0,&quot;mouseDrag&quot;:true,&quot;rtl&quot;:false,&quot;slideBy&quot;:&quot;1&quot;,&quot;touchDrag&quot;:true,&quot;slideTransition&quot;:&quot;&quot;,&quot;responsive&quot;:{&quot;0&quot;:{&quot;autoHeight&quot;:false,&quot;autoplay&quot;:false,&quot;autoWidth&quot;:false,&quot;center&quot;:false,&quot;dots&quot;:false,&quot;items&quot;:1,&quot;loop&quot;:false,&quot;nav&quot;:false,&quot;stagePadding&quot;:0,&quot;slideBy&quot;:&quot;1&quot;},&quot;768&quot;:{&quot;items&quot;:1,&quot;autoplay&quot;:false,&quot;center&quot;:false,&quot;dots&quot;:true,&quot;nav&quot;:false,&quot;autoHeight&quot;:false,&quot;autoWidth&quot;:false,&quot;loop&quot;:true,&quot;stagePadding&quot;:0}}}}'><\/div><\/div><\/div><\/div><\/div><div class=\"vc_col-sm-1 wpb_column vc_column_container\"><div class=\"vc_column-inner\"><div class=\"wpb_wrapper\"><\/div><\/div><\/div><\/div><\/div><\/section><section class=\"l-section wpb_row height_small\"><div class=\"l-section-h i-cf\"><div class=\"g-cols vc_row via_flex valign_top type_default stacking_default\"><div class=\"vc_col-sm-3 wpb_column vc_column_container\"><div class=\"vc_column-inner\"><div class=\"wpb_wrapper\"><\/div><\/div><\/div><div class=\"vc_col-sm-6 wpb_column vc_column_container\"><div class=\"vc_column-inner\"><div class=\"wpb_wrapper\"><div class=\"wpb_text_column\"><div class=\"wpb_wrapper\"><h4>Campagnes cibl\u00e9es en pleine saison<\/h4>\n<p><strong>Campagnes Meta &amp; Google<\/strong><\/p>\n<p>Pendant la saison, des campagnes cibl\u00e9es ont \u00e9t\u00e9 d\u00e9ploy\u00e9es sur Meta et Google, visant les personnes en recherche d\u2019une r\u00e9sidence secondaire. Des visuels impactants et des messages clairs ont g\u00e9n\u00e9r\u00e9 un flux qualifi\u00e9.<\/p>\n<p><strong>SEO, SEA &amp; gestion des r\u00e9seaux sociaux<\/strong><\/p>\n<p>En plus de la cr\u00e9ation de contenu, nous accompagnons Caravans Van de Ven dans l\u2019optimisation SEO, la publicit\u00e9 en ligne et la gestion des r\u00e9seaux sociaux. Leur visibilit\u00e9 et la qualit\u00e9 des leads continuent ainsi de cro\u00eetre.<\/p>\n<\/div><\/div><\/div><\/div><\/div><div class=\"vc_col-sm-3 wpb_column vc_column_container\"><div class=\"vc_column-inner\"><div class=\"wpb_wrapper\"><\/div><\/div><\/div><\/div><\/div><\/section><section class=\"l-section wpb_row height_auto\"><div class=\"l-section-h i-cf\"><div class=\"g-cols vc_row via_flex valign_top type_boxes stacking_default\"><div class=\"vc_col-sm-1 wpb_column vc_column_container\"><div class=\"vc_column-inner\"><div class=\"wpb_wrapper\"><\/div><\/div><\/div><div class=\"vc_col-sm-10 wpb_column vc_column_container\"><div class=\"vc_column-inner\"><div class=\"wpb_wrapper\"><div class=\"w-video align_center ratio_16x9 with_overlay\" style=\"background-image:url(https:\/\/dexville.be\/wp-content\/uploads\/2026\/02\/DexVille-Cases-Vandeven-10.jpg);\" onclick=\"return {&quot;player_html&quot;:&quot;&lt;video  preload=\\&quot;none\\&quot; playsinline controls&gt;&lt;source type=\\&quot;video\\\/mp4\\&quot; src=\\&quot;https:\\\/\\\/dexville.be\\\/wp-content\\\/uploads\\\/2026\\\/02\\\/DexVille-Cases-Vandeven-social_compr.mp4\\&quot; \\\/&gt;&lt;\\\/video&gt;&quot;}\"><button class=\"w-video-play\" type=\"button\" aria-label=\"Lecture\"><span class=\"w-video-play-icon\" style=\"font-size:1.5rem;background:rgba(0,0,0,0.5);color:#ffffff\"><\/span><\/button><div class=\"w-video-h\"><video  preload=\"none\" playsinline controls><source type=\"video\/mp4\" src=\"https:\/\/dexville.be\/wp-content\/uploads\/2026\/02\/DexVille-Cases-Vandeven-social_compr.mp4\" \/><\/video><\/div><\/div><\/div><\/div><\/div><div class=\"vc_col-sm-1 wpb_column vc_column_container\"><div class=\"vc_column-inner\"><div class=\"wpb_wrapper\"><\/div><\/div><\/div><\/div><\/div><\/section><section class=\"l-section wpb_row height_medium\"><div class=\"l-section-h i-cf\"><div class=\"g-cols vc_row via_flex valign_top type_default stacking_default\"><div class=\"vc_col-sm-3 wpb_column vc_column_container\"><div class=\"vc_column-inner\"><div class=\"wpb_wrapper\"><\/div><\/div><\/div><div class=\"vc_col-sm-6 wpb_column vc_column_container\"><div class=\"vc_column-inner\"><div class=\"wpb_wrapper\"><div class=\"wpb_text_column\"><div class=\"wpb_wrapper\"><h3>En synchronisant le marketing avec les saisons et les intentions de recherche, nous touchons le bon public au moment le plus opportun.<\/h3>\n<\/div><\/div><\/div><\/div><\/div><div class=\"vc_col-sm-3 wpb_column vc_column_container\"><div class=\"vc_column-inner\"><div class=\"wpb_wrapper\"><\/div><\/div><\/div><\/div><\/div><\/section><section class=\"l-section wpb_row us_custom_fe7bb9da height_auto with_img\"><div class=\"l-section-img\" role=\"img\" aria-label=\"Dexville Case Vandeven Caravans Photoshoot\" data-img-width=\"1920\" data-img-height=\"700\" style=\"background-image: url(https:\/\/dexville.be\/wp-content\/uploads\/2026\/01\/DexVille-Cases-Vandeven-9.jpg);background-repeat: no-repeat;\"><\/div><div class=\"l-section-h i-cf\"><div class=\"g-cols vc_row via_flex valign_top type_default stacking_default\"><div class=\"vc_col-sm-12 wpb_column vc_column_container\"><div class=\"vc_column-inner\"><div class=\"wpb_wrapper\"><\/div><\/div><\/div><\/div><\/div><\/section><section class=\"l-section wpb_row us_custom_623ba360 sidebysidetext height_large\"><div class=\"l-section-h i-cf\"><div class=\"g-cols vc_row via_flex valign_top type_default stacking_default\"><div class=\"vc_col-sm-12 wpb_column vc_column_container\"><div class=\"vc_column-inner\"><div class=\"wpb_wrapper\"><div class=\"wpb_text_column us_custom_6df4bc3a has_text_color\"><div class=\"wpb_wrapper\"><h4>RESULTATS<\/h4>\n<h2>Une strat\u00e9gie digitale qui allie esth\u00e9tique et performance.<br \/>\n+1K t\u00e9l\u00e9chargements de brochure, une am\u00e9lioration notable de la qualit\u00e9 des leads et +28 positions gagn\u00e9es sur Google. En bref : un site web pr\u00eat pour l\u2019avenir et la croissance. Aujourd\u2019hui, Caravans Van de Ven est aussi bien positionn\u00e9 en ligne qu\u2019hors ligne : une r\u00e9f\u00e9rence pour ceux qui recherchent une r\u00e9sidence secondaire sans souci.<\/h2>\n<\/div><\/div><div class=\"w-separator size_small\"><\/div><div class=\"w-btn-wrapper align_none\"><a class=\"w-btn us-btn-style_2\" href=\"https:\/\/dexville.be\/fr\/lets-talk\/\"><span class=\"w-btn-label\">Contactez-nous<\/span><\/a><\/div><\/div><\/div><\/div><\/div><\/div><\/section>\n","protected":false},"featured_media":0,"menu_order":0,"template":"","meta":{"_acf_changed":false},"class_list":["post-5046","case","type-case","status-publish","hentry"],"acf":[],"_links":{"self":[{"href":"https:\/\/dexville.be\/fr\/wp-json\/wp\/v2\/case\/5046","targetHints":{"allow":["GET"]}}],"collection":[{"href":"https:\/\/dexville.be\/fr\/wp-json\/wp\/v2\/case"}],"about":[{"href":"https:\/\/dexville.be\/fr\/wp-json\/wp\/v2\/types\/case"}],"wp:attachment":[{"href":"https:\/\/dexville.be\/fr\/wp-json\/wp\/v2\/media?parent=5046"}],"curies":[{"name":"wp","href":"https:\/\/api.w.org\/{rel}","templated":true}]}}