{"id":4119,"date":"2024-11-12T10:35:05","date_gmt":"2024-11-12T08:35:05","guid":{"rendered":"https:\/\/dexville.be\/case\/union-syndicale\/"},"modified":"2025-09-16T17:27:04","modified_gmt":"2025-09-16T15:27:04","slug":"union-syndicale","status":"publish","type":"case","link":"https:\/\/dexville.be\/fr\/case\/union-syndicale\/","title":{"rendered":"Union Syndicale"},"content":{"rendered":"<section class=\"l-section wpb_row height_auto\"><div class=\"l-section-h i-cf\"><div class=\"g-cols vc_row via_flex valign_top type_default stacking_default\"><div class=\"vc_col-sm-12 wpb_column vc_column_container\"><div class=\"vc_column-inner\"><div class=\"wpb_wrapper\"><div class=\"w-separator size_large\"><\/div><nav class=\"g-breadcrumbs us_custom_126d7f05 has_text_color separator_icon align_none\" itemscope itemtype=\"http:\/\/schema.org\/BreadcrumbList\"><div class=\"g-breadcrumbs-item\" itemscope itemprop=\"itemListElement\" itemtype=\"http:\/\/schema.org\/ListItem\"><a itemprop=\"item\" href=\"https:\/\/dexville.be\/fr\/\"><span itemprop=\"name\">Accueil<\/span><\/a><meta itemprop=\"position\" content=\"1\"\/><\/div><div class=\"g-breadcrumbs-separator\"><i class=\"far fa-angle-right\"><\/i><\/div><div class=\"g-breadcrumbs-item\">Pages<\/div><\/nav><\/div><\/div><\/div><\/div><\/div><\/section><section class=\"l-section wpb_row pagetitle height_large\"><div class=\"l-section-h i-cf\"><div class=\"g-cols vc_row via_flex valign_middle type_default stacking_default\"><div class=\"vc_col-sm-12 vc_col-lg-12 vc_col-md-12 vc_col-xs-12 wpb_column vc_column_container\"><div class=\"vc_column-inner\"><div class=\"wpb_wrapper\"><div class=\"wpb_text_column\"><div class=\"wpb_wrapper\"><h1>Union Syndicale<\/h1>\n<h2>Ils sont pr\u00eats pour les \u00e9lections gr\u00e2ce \u00e0 une vid\u00e9o de campagne convaincante et \u00e0 une refonte moderne de leur magazine annuel.<\/h2>\n<\/div><\/div><\/div><\/div><\/div><\/div><\/div><\/section><section class=\"l-section wpb_row us_custom_e465c5ac height_auto with_video\"><div id=\"us_bg_video_h8d3\" class=\"l-section-video\"><script id=\"us_bg_video_h8d3-script\">!function(w){var node = document.getElementById( 'us_bg_video_h8d3' );if ( w.innerWidth <= 600 ) { node.remove() }}(window);<\/script><style>@media(max-width:600px){#us_bg_video_h8d3{display:none!important}}<\/style><video  autoplay loop muted playsinline preload=\"auto\" tabindex=\"-1\"><source type=\"video\/mp4\" src=\"https:\/\/dexville.be\/wp-content\/uploads\/2025\/02\/USF_video_1920x1080_compressed.mp4\" \/><\/video><\/div><div class=\"l-section-h i-cf\"><div class=\"g-cols vc_row via_flex valign_top type_default stacking_default\"><div class=\"vc_col-sm-12 wpb_column vc_column_container\"><div class=\"vc_column-inner\"><div class=\"wpb_wrapper\"><\/div><\/div><\/div><\/div><\/div><\/section><section class=\"l-section wpb_row height_medium\"><div class=\"l-section-h i-cf\"><div class=\"g-cols vc_row via_flex valign_top type_boxes stacking_default\"><div class=\"vc_col-sm-12 wpb_column vc_column_container\"><div class=\"vc_column-inner us_custom_06c796b3\"><div class=\"wpb_wrapper\"><div class=\"wpb_text_column\"><div class=\"wpb_wrapper\"><h3>En tant qu&rsquo;organisation syndicale m\u00e8re, l&rsquo;USF repr\u00e9sente les int\u00e9r\u00eats et les droits des fonctionnaires et des employ\u00e9s des institutions de l&rsquo;Union europ\u00e9enne. Avec plus de 20 organisations et des milliers de membres au niveau international, l&rsquo;USF s&rsquo;engage \u00e0 am\u00e9liorer les conditions de travail, la protection sociale et \u00e0 promouvoir l&rsquo;\u00e9galit\u00e9 sur le march\u00e9 du travail europ\u00e9en.<\/h3>\n<\/div><\/div><\/div><\/div><\/div><\/div><\/div><\/section><section class=\"l-section wpb_row height_auto\"><div class=\"l-section-h i-cf\"><div class=\"g-cols vc_row via_flex valign_top type_boxes stacking_default\"><div class=\"vc_col-sm-8 wpb_column vc_column_container\"><div class=\"vc_column-inner\"><div class=\"wpb_wrapper\"><div class=\"wpb_text_column us_custom_91f318b0 has_text_color\"><div class=\"wpb_wrapper\"><h4>Avec de nouvelles \u00e9lections \u00e0 l&rsquo;horizon, USF avait besoin de mat\u00e9riel de campagne qui communique clairement ses valeurs et ses ambitions tout en attirant un large public. DexVille a non seulement fourni un contenu vid\u00e9o attrayant, mais a \u00e9galement transform\u00e9 leur magazine annuel Agora en une exp\u00e9rience num\u00e9rique interactive au look moderne.<\/h4>\n<\/div><\/div><\/div><\/div><\/div><\/div><\/div><\/section><section class=\"l-section wpb_row height_small\"><div class=\"l-section-h i-cf\"><div class=\"g-cols vc_row via_flex valign_top type_default stacking_default\"><div class=\"vc_col-sm-12 wpb_column vc_column_container\"><div class=\"vc_column-inner\"><div class=\"wpb_wrapper\"><div class=\"w-image has_ratio align_center\"><div class=\"w-image-h\"><div style=\"padding-bottom:43.75%\"><\/div><img decoding=\"async\" width=\"1024\" height=\"438\" src=\"https:\/\/dexville.be\/wp-content\/uploads\/2025\/02\/USF-case-2-1024x438.jpg\" class=\"attachment-large size-large\" alt=\"Dexville case Union Syndicale Bruxelles, fotoshoot en storytelling voor strategie\u00ebn\" loading=\"lazy\" title=\"\"><\/div><\/div><\/div><\/div><\/div><\/div><\/div><\/section><section class=\"l-section wpb_row height_small\"><div class=\"l-section-h i-cf\"><div class=\"g-cols vc_row via_flex valign_top type_default stacking_default\"><div class=\"vc_col-sm-3 wpb_column vc_column_container\"><div class=\"vc_column-inner\"><div class=\"wpb_wrapper\"><\/div><\/div><\/div><div class=\"vc_col-sm-6 wpb_column vc_column_container\"><div class=\"vc_column-inner\"><div class=\"wpb_wrapper\"><div class=\"wpb_text_column\"><div class=\"wpb_wrapper\"><p><strong>Un upgrade num\u00e9rique pour plus d\u2019impact<\/strong><\/p>\n<p>Le magazine Agora est publi\u00e9 deux fois par an et distribu\u00e9 \u00e0 tous les membres et organisations. Il s&rsquo;agit d&rsquo;un outil d&rsquo;interaction efficace et d&rsquo;un atout populaire dans la strat\u00e9gie de communication de USF, mais la version imprim\u00e9e ne s\u00e9duit plus la jeune g\u00e9n\u00e9ration. Nous avons rem\u00e9di\u00e9 \u00e0 cette situation en le transformant en une version num\u00e9rique attrayante et en lui donnant un aspect moderne et revisit\u00e9. Un outil permet effectivement de lire et de partager facilement le magazine en ligne. De cette mani\u00e8re, nous am\u00e9liorons non seulement l&rsquo;accessibilit\u00e9 pour les membres actuels, mais nous atteignons \u00e9galement de nouveaux membres potentiels qui peuvent contribuer \u00e0 construire l&rsquo;avenir de USF. DexVille se charge de la mise en page de chaque \u00e9dition, qu&rsquo;elle soit imprim\u00e9e ou num\u00e9rique.<\/p>\n<\/div><\/div><\/div><\/div><\/div><div class=\"vc_col-sm-3 wpb_column vc_column_container\"><div class=\"vc_column-inner\"><div class=\"wpb_wrapper\"><\/div><\/div><\/div><\/div><\/div><\/section><section class=\"l-section wpb_row height_medium\"><div class=\"l-section-h i-cf\"><div class=\"g-cols vc_row via_flex valign_top type_default stacking_default\"><div class=\"vc_col-sm-3 wpb_column vc_column_container\"><div class=\"vc_column-inner\"><div class=\"wpb_wrapper\"><\/div><\/div><\/div><div class=\"vc_col-sm-6 wpb_column vc_column_container\"><div class=\"vc_column-inner\"><div class=\"wpb_wrapper\"><div class=\"wpb_text_column\"><div class=\"wpb_wrapper\"><h3>Avec cette transformation num\u00e9rique du magazine Agora, nous diffusons le message de USF \u00e0 une nouvelle g\u00e9n\u00e9ration.<\/h3>\n<\/div><\/div><\/div><\/div><\/div><div class=\"vc_col-sm-3 wpb_column vc_column_container\"><div class=\"vc_column-inner\"><div class=\"wpb_wrapper\"><\/div><\/div><\/div><\/div><\/div><\/section><section class=\"l-section wpb_row height_auto\"><div class=\"l-section-h i-cf\"><div class=\"g-cols vc_row via_flex valign_top type_boxes stacking_default\"><div class=\"vc_col-sm-1 wpb_column vc_column_container\"><div class=\"vc_column-inner\"><div class=\"wpb_wrapper\"><\/div><\/div><\/div><div class=\"vc_col-sm-10 wpb_column vc_column_container\"><div class=\"vc_column-inner\"><div class=\"wpb_wrapper\"><div class=\"w-image align_none\"><div class=\"w-image-h\"><img decoding=\"async\" width=\"1024\" height=\"576\" src=\"https:\/\/dexville.be\/wp-content\/uploads\/2025\/02\/USF-case-1-1024x576.jpg\" class=\"attachment-large size-large\" alt=\"Dexville case Union Syndicale Bruxelles, digitale marketing strategie met magazine en tijdschrift\" loading=\"lazy\" srcset=\"https:\/\/dexville.be\/wp-content\/uploads\/2025\/02\/USF-case-1-1024x576.jpg 1024w, https:\/\/dexville.be\/wp-content\/uploads\/2025\/02\/USF-case-1-300x169.jpg 300w, https:\/\/dexville.be\/wp-content\/uploads\/2025\/02\/USF-case-1.jpg 1244w\" sizes=\"auto, (max-width: 1024px) 100vw, 1024px\" title=\"\"><\/div><\/div><\/div><\/div><\/div><div class=\"vc_col-sm-1 wpb_column vc_column_container\"><div class=\"vc_column-inner\"><div class=\"wpb_wrapper\"><\/div><\/div><\/div><\/div><\/div><\/section><section class=\"l-section wpb_row height_small\"><div class=\"l-section-h i-cf\"><div class=\"g-cols vc_row via_flex valign_top type_default stacking_default\"><div class=\"vc_col-sm-3 wpb_column vc_column_container\"><div class=\"vc_column-inner\"><div class=\"wpb_wrapper\"><\/div><\/div><\/div><div class=\"vc_col-sm-6 wpb_column vc_column_container\"><div class=\"vc_column-inner\"><div class=\"wpb_wrapper\"><div class=\"wpb_text_column\"><div class=\"wpb_wrapper\"><p><strong>Inspirer et persuader avec un storytelling<\/strong><\/p>\n<p>La vid\u00e9o est l&rsquo;un des outils les plus puissants de l&rsquo;arsenal marketing. Les images en mouvement, plus que tout autre support, ont le pouvoir de donner vie \u00e0 un message et de laisser une impression durable. En bref, c&rsquo;est le moyen id\u00e9al pour convaincre les membres actuels, nouveaux et potentiels de donner leur voix \u00e0 USF.<\/p>\n<p>Notre \u00e9quipe cr\u00e9ative a traduit les objectifs de la campagne de USF en une s\u00e9rie de vid\u00e9os percutantes qui engagent et attirent les \u00e9lecteurs, jeunes et moins jeunes. La premi\u00e8re vid\u00e9o a \u00e9t\u00e9 film\u00e9e sur place et consistait en une s\u00e9rie d&rsquo;interviews de repr\u00e9sentants de USF expliquant le programme \u00e9lectoral.<\/p>\n<\/div><\/div><\/div><\/div><\/div><div class=\"vc_col-sm-3 wpb_column vc_column_container\"><div class=\"vc_column-inner\"><div class=\"wpb_wrapper\"><\/div><\/div><\/div><\/div><\/div><\/section><section class=\"l-section wpb_row height_medium\"><div class=\"l-section-h i-cf\"><div class=\"g-cols vc_row via_flex valign_top type_default stacking_default\"><div class=\"vc_col-sm-3 wpb_column vc_column_container\"><div class=\"vc_column-inner\"><div class=\"wpb_wrapper\"><\/div><\/div><\/div><div class=\"vc_col-sm-6 wpb_column vc_column_container\"><div class=\"vc_column-inner\"><div class=\"wpb_wrapper\"><div class=\"wpb_text_column\"><div class=\"wpb_wrapper\"><h3>Une solide campagne video est l&rsquo;arme secr\u00e8te pour toucher votre public cible.<\/h3>\n<\/div><\/div><\/div><\/div><\/div><div class=\"vc_col-sm-3 wpb_column vc_column_container\"><div class=\"vc_column-inner\"><div class=\"wpb_wrapper\"><\/div><\/div><\/div><\/div><\/div><\/section><section class=\"l-section wpb_row height_auto\"><div class=\"l-section-h i-cf\"><div class=\"g-cols vc_row via_flex valign_top type_boxes stacking_default\"><div class=\"vc_col-sm-1 wpb_column vc_column_container\"><div class=\"vc_column-inner\"><div class=\"wpb_wrapper\"><\/div><\/div><\/div><div class=\"vc_col-sm-10 wpb_column vc_column_container\"><div class=\"vc_column-inner\"><div class=\"wpb_wrapper\"><div class=\"w-video align_center ratio_16x9 with_overlay has_iframe\" style=\"background-image:url(https:\/\/dexville.be\/wp-content\/uploads\/2025\/02\/Thumbnail-USF-marketing-campagne.jpg);\" onclick=\"return {&quot;player_id&quot;:&quot;youtube-y313&quot;,&quot;player_api&quot;:&quot;\\\/\\\/www.youtube.com\\\/player_api&quot;,&quot;player_html&quot;:&quot;&lt;div id=\\&quot;youtube-y313\\&quot;&gt;&lt;\\\/div&gt;&lt;script&gt;\\r\\n\\t\\t\\twindow.USYTPlayers = ( window.USYTPlayers || { initYTFunctions: [], optionsYT: [], USYTInited: false } );\\r\\n\\t\\t\\twindow.USYTPlayers.optionsYT.push( {\\r\\n\\t\\t\\t\\tplayerID: \\&quot;youtube-y313\\&quot;,\\r\\n\\t\\t\\t\\tvideoID: \\&quot;BQtQQ1BYg5M\\&quot;,\\r\\n\\t\\t\\t\\tplayerVars: {\\&quot;autoplay\\&quot;:1,\\&quot;controls\\&quot;:1,\\&quot;origin\\&quot;:\\&quot;https:\\\\\\\/\\\\\\\/dexville.be\\\\\\\/fr\\\\\\\/\\&quot;,\\&quot;loop\\&quot;:0,\\&quot;mute\\&quot;:0,\\&quot;playlist\\&quot;:\\&quot;BQtQQ1BYg5M\\&quot;}\\r\\n\\t\\t\\t} );\\r\\n\\t\\t\\tif ( window.USYTPlayers.USYTInited === false ) {\\r\\n\\t\\t\\t\\t\\\/\\\/ Trying to override other possible WP YT API calls if our element is used\\r\\n\\t\\t\\t\\twindow.USYTPlayers.USYTInited = true;\\r\\n\\r\\n\\t\\t\\t\\twindow.onYouTubePlayerAPIReady = function() {\\r\\n\\t\\t\\t\\t\\tfor ( var i in window.USYTPlayers.optionsYT ) {\\r\\n\\t\\t\\t\\t\\t\\tvar _playerParams = window.USYTPlayers.optionsYT[ i ];\\r\\n\\t\\t\\t\\t\\t\\t$us.YTPlayers[ _playerParams.playerID ] = new YT.Player( _playerParams.playerID, {\\r\\n\\t\\t\\t\\t\\t\\t\\tvideoId: _playerParams.videoID,\\r\\n\\t\\t\\t\\t\\t\\t\\tplayerVars: _playerParams.playerVars\\r\\n\\t\\t\\t\\t\\t\\t} );\\r\\n\\t\\t\\t\\t\\t}\\r\\n\\t\\t\\t\\t}\\r\\n\\t\\t\\t}\\r\\n\\t\\t\\tif ( !!window.YT ) {\\r\\n\\t\\t\\t\\t$us.YTPlayers[\\&quot;youtube-y313\\&quot;] = new YT.Player( \\&quot;youtube-y313\\&quot;, {\\r\\n\\t\\t\\t\\t\\tvideoId: \\&quot;BQtQQ1BYg5M\\&quot;,\\r\\n\\t\\t\\t\\t\\tplayerVars: {\\&quot;autoplay\\&quot;:1,\\&quot;controls\\&quot;:1,\\&quot;origin\\&quot;:\\&quot;https:\\\\\\\/\\\\\\\/dexville.be\\\\\\\/fr\\\\\\\/\\&quot;,\\&quot;loop\\&quot;:0,\\&quot;mute\\&quot;:0,\\&quot;playlist\\&quot;:\\&quot;BQtQQ1BYg5M\\&quot;}\\r\\n\\t\\t\\t\\t} );\\r\\n\\t\\t\\t}\\r\\n\\t\\t&lt;\\\/script&gt;&quot;}\"><button class=\"w-video-play\" type=\"button\" aria-label=\"Lecture\"><span class=\"w-video-play-icon\" style=\"font-size:1.5rem;background:rgba(0,0,0,0.5);color:#ffffff\"><\/span><\/button><div class=\"w-video-h\"><\/div><\/div><\/div><\/div><\/div><div class=\"vc_col-sm-1 wpb_column vc_column_container\"><div class=\"vc_column-inner\"><div class=\"wpb_wrapper\"><\/div><\/div><\/div><\/div><\/div><\/section><section class=\"l-section wpb_row height_small\"><div class=\"l-section-h i-cf\"><div class=\"g-cols vc_row via_flex valign_top type_default stacking_default\"><div class=\"vc_col-sm-3 wpb_column vc_column_container\"><div class=\"vc_column-inner\"><div class=\"wpb_wrapper\"><\/div><\/div><\/div><div class=\"vc_col-sm-6 wpb_column vc_column_container\"><div class=\"vc_column-inner\"><div class=\"wpb_wrapper\"><div class=\"wpb_text_column\"><div class=\"wpb_wrapper\"><p>Une deuxi\u00e8me vid\u00e9o a \u00e9t\u00e9 enti\u00e8rement r\u00e9alis\u00e9e \u00e0 partir d&rsquo;images d&rsquo;archives soigneusement s\u00e9lectionn\u00e9es (images vid\u00e9o provenant d&rsquo;une base de donn\u00e9es). Le r\u00e9sultat montre qu&rsquo;il n&rsquo;est pas n\u00e9cessaire d&rsquo;avoir des images propres et uniques pour cr\u00e9er une campagne vid\u00e9o percutante. Gr\u00e2ce \u00e0 un montage r\u00e9fl\u00e9chi des bonnes images, nous avons r\u00e9ussi \u00e0 inspirer le public cible. USF a ainsi pu remporter une belle victoire avec une majorit\u00e9 impressionnante.<\/p>\n<\/div><\/div><\/div><\/div><\/div><div class=\"vc_col-sm-3 wpb_column vc_column_container\"><div class=\"vc_column-inner\"><div class=\"wpb_wrapper\"><\/div><\/div><\/div><\/div><\/div><\/section><section class=\"l-section wpb_row height_medium\"><div class=\"l-section-h i-cf\"><div class=\"g-cols vc_row via_flex valign_top type_default stacking_default\"><div class=\"vc_col-sm-3 wpb_column vc_column_container\"><div class=\"vc_column-inner\"><div class=\"wpb_wrapper\"><\/div><\/div><\/div><div class=\"vc_col-sm-6 wpb_column vc_column_container\"><div class=\"vc_column-inner\"><div class=\"wpb_wrapper\"><div class=\"wpb_text_column\"><div class=\"wpb_wrapper\"><h3>Gr\u00e2ce \u00e0 une s\u00e9lection d\u2019images et \u00e0 un bon montage, nous transformons les images de stock en une histoire qui touche et engage les \u00e9lecteurs.<\/h3>\n<\/div><\/div><\/div><\/div><\/div><div class=\"vc_col-sm-3 wpb_column vc_column_container\"><div class=\"vc_column-inner\"><div class=\"wpb_wrapper\"><\/div><\/div><\/div><\/div><\/div><\/section><section class=\"l-section wpb_row height_auto\"><div class=\"l-section-h i-cf\"><div class=\"g-cols vc_row via_flex valign_top type_boxes stacking_default\"><div class=\"vc_col-sm-1 wpb_column vc_column_container\"><div class=\"vc_column-inner\"><div class=\"wpb_wrapper\"><\/div><\/div><\/div><div class=\"vc_col-sm-10 wpb_column vc_column_container\"><div class=\"vc_column-inner\"><div class=\"wpb_wrapper\"><div class=\"w-image align_none\"><div class=\"w-image-h\"><img decoding=\"async\" width=\"1024\" height=\"576\" src=\"https:\/\/dexville.be\/wp-content\/uploads\/2025\/02\/USF-case-3-1024x576.jpg\" class=\"attachment-large size-large\" alt=\"Dexville case Union Syndicale Bruxelles, digitale marketing strategie\" loading=\"lazy\" srcset=\"https:\/\/dexville.be\/wp-content\/uploads\/2025\/02\/USF-case-3-1024x576.jpg 1024w, https:\/\/dexville.be\/wp-content\/uploads\/2025\/02\/USF-case-3-300x169.jpg 300w, https:\/\/dexville.be\/wp-content\/uploads\/2025\/02\/USF-case-3.jpg 1244w\" sizes=\"auto, (max-width: 1024px) 100vw, 1024px\" title=\"\"><\/div><\/div><\/div><\/div><\/div><div class=\"vc_col-sm-1 wpb_column vc_column_container\"><div class=\"vc_column-inner\"><div class=\"wpb_wrapper\"><\/div><\/div><\/div><\/div><\/div><\/section><section class=\"l-section wpb_row height_medium\"><div class=\"l-section-h i-cf\"><div class=\"g-cols vc_row via_flex valign_top type_default stacking_default\"><div class=\"vc_col-sm-3 wpb_column vc_column_container\"><div class=\"vc_column-inner\"><div class=\"wpb_wrapper\"><\/div><\/div><\/div><div class=\"vc_col-sm-6 wpb_column vc_column_container\"><div class=\"vc_column-inner\"><div class=\"wpb_wrapper\"><div class=\"wpb_text_column\"><div class=\"wpb_wrapper\"><blockquote>\n<h3>Travailler avec DexVille est une exp\u00e9rience formidable gr\u00e2ce \u00e0 leur professionnalisme, leur efficacit\u00e9 et leur assistance rapide pour r\u00e9soudre les probl\u00e8mes.<\/h3>\n<\/blockquote>\n<\/div><\/div><\/div><\/div><\/div><div class=\"vc_col-sm-3 wpb_column vc_column_container\"><div class=\"vc_column-inner\"><div class=\"wpb_wrapper\"><\/div><\/div><\/div><\/div><\/div><\/section><section class=\"l-section wpb_row us_custom_fe7bb9da height_auto with_img\"><div class=\"l-section-img\" role=\"img\" aria-label=\"Dexville case Union Syndicale Bruxelles, digitale marketing offline media folders en brochures\" data-img-width=\"1920\" data-img-height=\"700\" style=\"background-image: url(https:\/\/dexville.be\/wp-content\/uploads\/2025\/02\/USF-case-4.jpg);background-repeat: no-repeat;\"><\/div><div class=\"l-section-h i-cf\"><div class=\"g-cols vc_row via_flex valign_top type_default stacking_default\"><div class=\"vc_col-sm-12 wpb_column vc_column_container\"><div class=\"vc_column-inner\"><div class=\"wpb_wrapper\"><\/div><\/div><\/div><\/div><\/div><\/section><section class=\"l-section wpb_row us_custom_623ba360 sidebysidetext height_large\"><div class=\"l-section-h i-cf\"><div class=\"g-cols vc_row via_flex valign_top type_default stacking_default\"><div class=\"vc_col-sm-12 wpb_column vc_column_container\"><div class=\"vc_column-inner\"><div class=\"wpb_wrapper\"><div class=\"wpb_text_column us_custom_6df4bc3a has_text_color\"><div class=\"wpb_wrapper\"><h4><span>Resultat<\/span><\/h4>\n<h2>Apr\u00e8s la livraison du mat\u00e9riel de la campagne, USF a remport\u00e9 une belle victoire \u00e9lectorale. Le magazine Agora num\u00e9ris\u00e9 a \u00e9galement port\u00e9 ses fruits et a permis d&rsquo;augmenter le nombre de membres. Nous sommes tr\u00e8s enthousiastes d\u2019aider USF, encore dans le futur, \u00e0 renforcer sa position en tant qu&rsquo;organisation syndicale europ\u00e9enne.<\/h2>\n<\/div><\/div><div class=\"w-separator size_small\"><\/div><div class=\"w-btn-wrapper align_none\"><a class=\"w-btn us-btn-style_2\" href=\"https:\/\/dexville.be\/lets-talk\/\"><span class=\"w-btn-label\">Contactez-nous<\/span><\/a><\/div><\/div><\/div><\/div><\/div><\/div><\/section>\n","protected":false},"featured_media":0,"menu_order":0,"template":"","meta":{"_acf_changed":false},"class_list":["post-4119","case","type-case","status-publish","hentry"],"acf":[],"_links":{"self":[{"href":"https:\/\/dexville.be\/fr\/wp-json\/wp\/v2\/case\/4119","targetHints":{"allow":["GET"]}}],"collection":[{"href":"https:\/\/dexville.be\/fr\/wp-json\/wp\/v2\/case"}],"about":[{"href":"https:\/\/dexville.be\/fr\/wp-json\/wp\/v2\/types\/case"}],"wp:attachment":[{"href":"https:\/\/dexville.be\/fr\/wp-json\/wp\/v2\/media?parent=4119"}],"curies":[{"name":"wp","href":"https:\/\/api.w.org\/{rel}","templated":true}]}}